{"id":263,"date":"2024-11-21T16:26:20","date_gmt":"2024-11-21T15:26:20","guid":{"rendered":"https:\/\/www.terrazaconfort.com\/?page_id=263"},"modified":"2025-03-29T12:51:38","modified_gmt":"2025-03-29T11:51:38","slug":"preguntas-frecuentes","status":"publish","type":"page","link":"https:\/\/www.terrazaconfort.com\/en\/contactenos\/preguntas-frecuentes\/","title":{"rendered":"Frequently Asked Questions"},"content":{"rendered":"\n[et_pb_section fb_built=\u00bb1&#8243; _builder_version=\u00bb4.27.0&#8243; _module_preset=\u00bbdefault\u00bb locked=\u00bboff\u00bb global_colors_info=\u00bb{}\u00bb][et_pb_row _builder_version=\u00bb4.27.3&#8243; _module_preset=\u00bbdefault\u00bb global_colors_info=\u00bb{}\u00bb][et_pb_column type=\u00bb4_4&#8243; _builder_version=\u00bb4.27.3&#8243; _module_preset=\u00bbdefault\u00bb global_colors_info=\u00bb{}\u00bb][et_pb_text _builder_version=\u00bb4.27.4&#8243; _module_preset=\u00bbdefault\u00bb text_font=\u00bbPoppins|600|||||||\u00bb text_text_color=\u00bb#005373&#8243; text_font_size=\u00bb30px\u00bb header_font=\u00bbPoppins|600|||||||\u00bb header_text_color=\u00bb#FF6A00&#8243; text_orientation=\u00bbcenter\u00bb locked=\u00bboff\u00bb global_colors_info=\u00bb{}\u00bb]<h1>PREGUNTAS FRECUENTES<\/h1>[\/et_pb_text][et_pb_text _builder_version=\u00bb4.27.4&#8243; _module_preset=\u00bbdefault\u00bb text_font=\u00bbPoppins|600|||||||\u00bb text_text_color=\u00bb#005373&#8243; text_font_size=\u00bb30px\u00bb header_2_font=\u00bbPoppins|300|||||||\u00bb header_2_text_color=\u00bb#005373&#8243; header_2_font_size=\u00bb22px\u00bb text_orientation=\u00bbcenter\u00bb header_2_font_size_tablet=\u00bb22px\u00bb header_2_font_size_phone=\u00bb18px\u00bb header_2_font_size_last_edited=\u00bbon|phone\u00bb locked=\u00bboff\u00bb global_colors_info=\u00bb{}\u00bb]<h2>Encuentra las respuestas a tus preguntas m\u00e1s frecuentes sobre dise\u00f1o, instalaci\u00f3n y mantenimiento de <a href=\"https:\/\/es.wikipedia.org\/wiki\/Terraza_(arquitectura)\">terrazas.<\/a><\/h2>[\/et_pb_text][\/et_pb_column][\/et_pb_row][et_pb_row _builder_version=\u00bb4.27.3&#8243; _module_preset=\u00bbdefault\u00bb global_colors_info=\u00bb{}\u00bb][et_pb_column type=\u00bb4_4&#8243; _builder_version=\u00bb4.27.3&#8243; _module_preset=\u00bbdefault\u00bb global_colors_info=\u00bb{}\u00bb][et_pb_toggle title=\u00bb\u00bfQue durabilidad tiene una lona de toldo? \u00bb icon_color=\u00bb#005373&#8243; _builder_version=\u00bb4.27.3&#8243; _module_preset=\u00bbdefault\u00bb title_text_color=\u00bb#005373&#8243; title_font=\u00bbPoppins|500|||||||\u00bb body_font=\u00bbPoppins|300|||||||\u00bb body_text_color=\u00bb#000000&#8243; body_font_size=\u00bb16px\u00bb border_color_all=\u00bb#005373&#8243; locked=\u00bboff\u00bb global_colors_info=\u00bb{}\u00bb]<p>Su vida \u00fatil es algo relativo, ya que depende de factores como la climatolog\u00eda, orientaci\u00f3n o mantenimiento, pero se puede comprender dentro de lo que se entiende como algo normal, que son entre 10 y 15 a\u00f1os.<\/p>[\/et_pb_toggle][et_pb_toggle title=\u00bb\u00bfLos cofres en un toldo hacen que se mantenga mas tiempo una lona?\u00bb icon_color=\u00bb#005373&#8243; _builder_version=\u00bb4.27.3&#8243; _module_preset=\u00bbdefault\u00bb title_text_color=\u00bb#005373&#8243; title_font=\u00bbPoppins|500|||||||\u00bb body_font=\u00bbPoppins|300|||||||\u00bb body_text_color=\u00bb#000000&#8243; body_font_size=\u00bb16px\u00bb border_color_all=\u00bb#005373&#8243; locked=\u00bboff\u00bb global_colors_info=\u00bb{}\u00bb]<p>Esto no es real, la duraci\u00f3n del tejido es la misma, pero su visi\u00f3n est\u00e9tica se conserva mucho mejor.<\/p>[\/et_pb_toggle][et_pb_toggle title=\u00bb\u00bfSe decolorara mi tela? \u00bb icon_color=\u00bb#005373&#8243; _builder_version=\u00bb4.27.3&#8243; _module_preset=\u00bbdefault\u00bb title_text_color=\u00bb#005373&#8243; title_font=\u00bbPoppins|500|||||||\u00bb body_font=\u00bbPoppins|300|||||||\u00bb body_text_color=\u00bb#000000&#8243; body_font_size=\u00bb16px\u00bb border_color_all=\u00bb#005373&#8243; locked=\u00bboff\u00bb global_colors_info=\u00bb{}\u00bb]<p>Antiguamente esto si ocurr\u00eda, debido a que se confeccionaban las piezas de tejido y despu\u00e9s se te\u00f1\u00edan, esto ya no se hace as\u00ed, ahora primero se ti\u00f1e el hilo y despu\u00e9s se confecciona la pieza de tejido, a esto se le denomina te\u00f1ido en masa<\/p>[\/et_pb_toggle][et_pb_toggle title=\u00bb\u00bfCuanto resiste un toldo vertical el viento?\u00bb icon_color=\u00bb#005373&#8243; _builder_version=\u00bb4.27.3&#8243; _module_preset=\u00bbdefault\u00bb title_text_color=\u00bb#005373&#8243; title_font=\u00bbPoppins|500|||||||\u00bb body_font=\u00bbPoppins|300|||||||\u00bb body_text_color=\u00bb#000000&#8243; body_font_size=\u00bb16px\u00bb border_color_all=\u00bb#005373&#8243; locked=\u00bboff\u00bb global_colors_info=\u00bb{}\u00bb]<p>Depende de que mecanismo necesario y tejido deseado, pero entre 25 y 120 km\/h<\/p>[\/et_pb_toggle][et_pb_toggle title=\u00bb\u00bfQu\u00e9 tipo de suelo exterior puedo poner?\u00bb icon_color=\u00bb#005373&#8243; _builder_version=\u00bb4.27.3&#8243; _module_preset=\u00bbdefault\u00bb title_text_color=\u00bb#005373&#8243; title_font=\u00bbPoppins|500|||||||\u00bb body_font=\u00bbPoppins|300|||||||\u00bb body_text_color=\u00bb#000000&#8243; body_font_size=\u00bb16px\u00bb border_color_all=\u00bb#005373&#8243; locked=\u00bboff\u00bb global_colors_info=\u00bb{}\u00bb]<p>Trabajamos dos tipos de suelos, composite y natural de gran calidad, depende de muchos factores como climatolog\u00eda, pero con un buen mantenimiento 10 a\u00f1os y mucho mas<\/p>[\/et_pb_toggle][et_pb_toggle title=\u00bb\u00bfQue mantenimiento necesita mi p\u00e9rgola de Madera? \u00bb icon_color=\u00bb#005373&#8243; _builder_version=\u00bb4.27.3&#8243; _module_preset=\u00bbdefault\u00bb title_text_color=\u00bb#005373&#8243; title_font=\u00bbPoppins|500|||||||\u00bb body_font=\u00bbPoppins|300|||||||\u00bb body_text_color=\u00bb#000000&#8243; body_font_size=\u00bb16px\u00bb border_color_all=\u00bb#005373&#8243; locked=\u00bboff\u00bb global_colors_info=\u00bb{}\u00bb]<p>Depende de varios factores, pero generalmente las patas de la p\u00e9rgola son lo \u00fanico que necesita mantenimiento, aunque esto se puede solucionar sin mucha dificultad<\/p>[\/et_pb_toggle][et_pb_toggle title=\u00bb\u00bfComo limpiar mi mampara de Ba\u00f1o? \u00bb icon_color=\u00bb#005373&#8243; _builder_version=\u00bb4.27.3&#8243; _module_preset=\u00bbdefault\u00bb title_text_color=\u00bb#005373&#8243; title_font=\u00bbPoppins|500|||||||\u00bb body_font=\u00bbPoppins|300|||||||\u00bb body_text_color=\u00bb#000000&#8243; body_font_size=\u00bb16px\u00bb border_color_all=\u00bb#005373&#8243; locked=\u00bboff\u00bb global_colors_info=\u00bb{}\u00bb]<p>Limpiar la mampara del ba\u00f1o puede ser una tarea sencilla si sigues los consejos adecuados. Aqu\u00ed te dejo algunas opciones para que tu mampara quede reluciente:<\/p>\n<p>Limpieza b\u00e1sica:<\/p>\n<p>Agua y jab\u00f3n: Utiliza un detergente suave y una esponja no abrasiva. Aplica la soluci\u00f3n sobre la mampara, deja actuar unos minutos y enjuaga con abundante agua.<br \/>Vinagre blanco: El vinagre es un excelente desengrasante natural. Mezcla partes iguales de vinagre blanco y agua, apl\u00edcalo sobre la mampara y deja actuar unos minutos antes de enjuagar.<br \/>Limpieza profunda:<\/p>\n<p>Bicarbonato de sodio: Para manchas m\u00e1s dif\u00edciles, crea una pasta con bicarbonato de sodio y agua. Apl\u00edcala sobre las manchas, deja actuar y frota suavemente con un cepillo de cerdas suaves. Enjuaga bien.<br \/>Limpiadores comerciales: Existen productos espec\u00edficos para limpiar mamparas de ba\u00f1o que eliminan la cal y las manchas de jab\u00f3n. Sigue las instrucciones del fabricante<\/p>[\/et_pb_toggle][et_pb_toggle title=\u00bb\u00bfMampara de ba\u00f1o corredera o abatible?\u00bb icon_color=\u00bb#005373&#8243; _builder_version=\u00bb4.27.3&#8243; _module_preset=\u00bbdefault\u00bb title_text_color=\u00bb#005373&#8243; title_font=\u00bbPoppins|500|||||||\u00bb body_font=\u00bbPoppins|300|||||||\u00bb body_text_color=\u00bb#000000&#8243; body_font_size=\u00bb16px\u00bb border_color_all=\u00bb#005373&#8243; locked=\u00bboff\u00bb global_colors_info=\u00bb{}\u00bb]<p>\u00bfCu\u00e1l elegir?<\/p>\n<p>Para ayudarte a tomar la mejor decisi\u00f3n, considera los siguientes factores:<\/p>\n<p>Tama\u00f1o del ba\u00f1o: Si tu ba\u00f1o es peque\u00f1o, una mampara corredera ser\u00e1 m\u00e1s adecuada. Si tienes suficiente espacio, puedes optar por una abatible.<br \/>Facilidad de limpieza: Si priorizas una limpieza sencilla, una mampara abatible ser\u00e1 m\u00e1s pr\u00e1ctica.<br \/>Est\u00e9tica: Elige el dise\u00f1o que mejor se adapte a la decoraci\u00f3n de tu ba\u00f1o.<br \/>Presupuesto: Los precios pueden variar seg\u00fan el tipo de mampara y los materiales.<br \/>En resumen:<\/p>\n<p>Mampara corredera: Ideal para ba\u00f1os peque\u00f1os, f\u00e1cil de usar y herm\u00e9tica.<br \/>Mampara abatible: F\u00e1cil de limpiar, dise\u00f1o elegante y accesible.<\/p>[\/et_pb_toggle][et_pb_toggle title=\u00bb\u00bfResolvera mis dudas el equipo tecnico de terraza confort?\u00bb icon_color=\u00bb#005373&#8243; _builder_version=\u00bb4.27.3&#8243; _module_preset=\u00bbdefault\u00bb title_text_color=\u00bb#005373&#8243; title_font=\u00bbPoppins|500|||||||\u00bb body_font=\u00bbPoppins|300|||||||\u00bb body_text_color=\u00bb#000000&#8243; body_font_size=\u00bb16px\u00bb border_color_all=\u00bb#005373&#8243; locked=\u00bboff\u00bb global_colors_info=\u00bb{}\u00bb]<p>Sin duda, llevamos en el sector mas de 10 a\u00f1os resolviendo dudas y por supuesto aprendiendo cada d\u00eda para daros la mejor soluci\u00f3n<\/p>[\/et_pb_toggle][et_pb_toggle title=\u00bb\u00bfPuedo financiar?\u00bb icon_color=\u00bb#005373&#8243; _builder_version=\u00bb4.27.3&#8243; _module_preset=\u00bbdefault\u00bb title_text_color=\u00bb#005373&#8243; title_font=\u00bbPoppins|500|||||||\u00bb body_font=\u00bbPoppins|300|||||||\u00bb body_text_color=\u00bb#000000&#8243; body_font_size=\u00bb16px\u00bb border_color_all=\u00bb#005373&#8243; locked=\u00bboff\u00bb global_colors_info=\u00bb{}\u00bb]<p>Claro que si, tenemos servicios de financiacion para cada cliente.<\/p>[\/et_pb_toggle][\/et_pb_column][\/et_pb_row][et_pb_row column_structure=\u00bb1_5,3_5,1_5&#8243; _builder_version=\u00bb4.27.3&#8243; _module_preset=\u00bbdefault\u00bb global_colors_info=\u00bb{}\u00bb locked=\u00bboff\u00bb][et_pb_column type=\u00bb1_5&#8243; _builder_version=\u00bb4.27.3&#8243; _module_preset=\u00bbdefault\u00bb global_colors_info=\u00bb{}\u00bb][\/et_pb_column][et_pb_column type=\u00bb3_5&#8243; _builder_version=\u00bb4.27.3&#8243; _module_preset=\u00bbdefault\u00bb global_colors_info=\u00bb{}\u00bb][et_pb_text _builder_version=\u00bb4.27.3&#8243; _module_preset=\u00bbdefault\u00bb text_font=\u00bbPoppins|300|||||||\u00bb text_text_color=\u00bb#005373&#8243; text_font_size=\u00bb18px\u00bb text_line_height=\u00bb1.3em\u00bb text_orientation=\u00bbcenter\u00bb text_font_size_tablet=\u00bb18px\u00bb text_font_size_phone=\u00bb14px\u00bb text_font_size_last_edited=\u00bbon|phone\u00bb locked=\u00bboff\u00bb global_colors_info=\u00bb{}\u00bb]<p><strong>\u00bfTienes un proyecto en mente?<\/strong> D\u00e9janos ayudarte a hacerlo realidad. Solicita tu presupuesto y descubre nuestras soluciones a medida.<\/p>[\/et_pb_text][et_pb_button button_url=\u00bb@ET-DC@eyJkeW5hbWljIjp0cnVlLCJjb250ZW50IjoicG9zdF9saW5rX3VybF9wYWdlIiwic2V0dGluZ3MiOnsicG9zdF9pZCI6IjUxIn19@\u00bb button_text=\u00bb\u00a1Presupuesto Ahora!\u00bb button_alignment=\u00bbcenter\u00bb _builder_version=\u00bb4.27.3&#8243; _dynamic_attributes=\u00bbbutton_url\u00bb _module_preset=\u00bbdefault\u00bb custom_button=\u00bbon\u00bb button_text_color=\u00bb#FFFFFF\u00bb button_bg_color=\u00bb#FF6A00&#8243; button_border_width=\u00bb0px\u00bb button_font=\u00bbPoppins|500|||||||\u00bb global_colors_info=\u00bb{}\u00bb][\/et_pb_button][\/et_pb_column][et_pb_column type=\u00bb1_5&#8243; _builder_version=\u00bb4.27.3&#8243; _module_preset=\u00bbdefault\u00bb global_colors_info=\u00bb{}\u00bb][\/et_pb_column][\/et_pb_row][\/et_pb_section]\n","protected":false},"excerpt":{"rendered":"<p>PREGUNTAS FRECUENTESEncuentra las respuestas a tus preguntas m\u00e1s frecuentes sobre dise\u00f1o, instalaci\u00f3n y mantenimiento de terrazas.Su vida \u00fatil es algo relativo, ya que depende de factores como la climatolog\u00eda, orientaci\u00f3n o mantenimiento, pero se puede comprender dentro de lo que se entiende como algo normal, que son entre 10 y 15 a\u00f1os.Esto no es real, [&hellip;]<\/p>\n","protected":false},"author":1,"featured_media":652,"parent":55,"menu_order":0,"comment_status":"closed","ping_status":"closed","template":"","meta":{"_et_pb_use_builder":"on","_et_pb_old_content":"<!-- wp:divi\/placeholder \/-->","_et_gb_content_width":"","footnotes":""},"class_list":["post-263","page","type-page","status-publish","has-post-thumbnail","hentry"],"yoast_head":"<!-- This site is optimized with the Yoast SEO Premium plugin v20.2.1 (Yoast SEO v27.4) - https:\/\/yoast.com\/product\/yoast-seo-premium-wordpress\/ -->\n<title>PREGUNTAS FRECUENTES - Terraza &amp; Confort<\/title>\n<meta name=\"description\" content=\"PREGUNTAS FRECUENTES - Encuentra las respuestas a tus preguntas m\u00e1s frecuentes sobre dise\u00f1o, instalaci\u00f3n y mantenimiento de terrazas.\" \/>\n<meta name=\"robots\" content=\"index, follow, max-snippet:-1, max-image-preview:large, max-video-preview:-1\" \/>\n<link rel=\"canonical\" href=\"https:\/\/www.terrazaconfort.com\/en\/contactenos\/preguntas-frecuentes\/\" \/>\n<meta property=\"og:locale\" content=\"en_GB\" \/>\n<meta property=\"og:type\" content=\"article\" \/>\n<meta property=\"og:title\" content=\"Preguntas Frecuentes\" \/>\n<meta property=\"og:description\" content=\"PREGUNTAS FRECUENTES - Encuentra las respuestas a tus preguntas m\u00e1s frecuentes sobre dise\u00f1o, instalaci\u00f3n y mantenimiento de terrazas.\" \/>\n<meta property=\"og:url\" content=\"https:\/\/www.terrazaconfort.com\/en\/contactenos\/preguntas-frecuentes\/\" \/>\n<meta property=\"og:site_name\" content=\"Terraza &amp; Confort\" \/>\n<meta property=\"article:modified_time\" content=\"2025-03-29T11:51:38+00:00\" \/>\n<meta property=\"og:image\" content=\"https:\/\/www.terrazaconfort.com\/wp-content\/uploads\/2024\/12\/TERRAZA-Y-CONFORT.png\" \/>\n\t<meta property=\"og:image:width\" content=\"1080\" \/>\n\t<meta property=\"og:image:height\" content=\"1080\" \/>\n\t<meta property=\"og:image:type\" content=\"image\/png\" \/>\n<meta name=\"twitter:card\" content=\"summary_large_image\" \/>\n<meta name=\"twitter:label1\" content=\"Estimated reading time\" \/>\n\t<meta name=\"twitter:data1\" content=\"3 minutes\" \/>\n<script type=\"application\/ld+json\" class=\"yoast-schema-graph\">{\"@context\":\"https:\\\/\\\/schema.org\",\"@graph\":[{\"@type\":\"WebPage\",\"@id\":\"https:\\\/\\\/www.terrazaconfort.com\\\/contactenos\\\/preguntas-frecuentes\\\/\",\"url\":\"https:\\\/\\\/www.terrazaconfort.com\\\/contactenos\\\/preguntas-frecuentes\\\/\",\"name\":\"PREGUNTAS FRECUENTES - Terraza &amp; Confort\",\"isPartOf\":{\"@id\":\"https:\\\/\\\/www.terrazaconfort.com\\\/#website\"},\"primaryImageOfPage\":{\"@id\":\"https:\\\/\\\/www.terrazaconfort.com\\\/contactenos\\\/preguntas-frecuentes\\\/#primaryimage\"},\"image\":{\"@id\":\"https:\\\/\\\/www.terrazaconfort.com\\\/contactenos\\\/preguntas-frecuentes\\\/#primaryimage\"},\"thumbnailUrl\":\"https:\\\/\\\/www.terrazaconfort.com\\\/wp-content\\\/uploads\\\/2024\\\/12\\\/TERRAZA-Y-CONFORT.png\",\"datePublished\":\"2024-11-21T15:26:20+00:00\",\"dateModified\":\"2025-03-29T11:51:38+00:00\",\"description\":\"PREGUNTAS FRECUENTES - Encuentra las respuestas a tus preguntas m\u00e1s frecuentes sobre dise\u00f1o, instalaci\u00f3n y mantenimiento de terrazas.\",\"breadcrumb\":{\"@id\":\"https:\\\/\\\/www.terrazaconfort.com\\\/contactenos\\\/preguntas-frecuentes\\\/#breadcrumb\"},\"inLanguage\":\"en-GB\",\"potentialAction\":[{\"@type\":\"ReadAction\",\"target\":[\"https:\\\/\\\/www.terrazaconfort.com\\\/contactenos\\\/preguntas-frecuentes\\\/\"]}]},{\"@type\":\"ImageObject\",\"inLanguage\":\"en-GB\",\"@id\":\"https:\\\/\\\/www.terrazaconfort.com\\\/contactenos\\\/preguntas-frecuentes\\\/#primaryimage\",\"url\":\"https:\\\/\\\/www.terrazaconfort.com\\\/wp-content\\\/uploads\\\/2024\\\/12\\\/TERRAZA-Y-CONFORT.png\",\"contentUrl\":\"https:\\\/\\\/www.terrazaconfort.com\\\/wp-content\\\/uploads\\\/2024\\\/12\\\/TERRAZA-Y-CONFORT.png\",\"width\":1080,\"height\":1080},{\"@type\":\"BreadcrumbList\",\"@id\":\"https:\\\/\\\/www.terrazaconfort.com\\\/contactenos\\\/preguntas-frecuentes\\\/#breadcrumb\",\"itemListElement\":[{\"@type\":\"ListItem\",\"position\":1,\"name\":\"Home\",\"item\":\"https:\\\/\\\/www.terrazaconfort.com\\\/\"},{\"@type\":\"ListItem\",\"position\":2,\"name\":\"Cont\u00e1ctenos\",\"item\":\"https:\\\/\\\/www.terrazaconfort.com\\\/contactenos\\\/\"},{\"@type\":\"ListItem\",\"position\":3,\"name\":\"Preguntas Frecuentes\"}]},{\"@type\":\"WebSite\",\"@id\":\"https:\\\/\\\/www.terrazaconfort.com\\\/#website\",\"url\":\"https:\\\/\\\/www.terrazaconfort.com\\\/\",\"name\":\"Terraza & Confort - Terrazas Que Inspiran Momentos Unicos\",\"description\":\"Terrazas Que Inspiran Momentos Unicos\",\"publisher\":{\"@id\":\"https:\\\/\\\/www.terrazaconfort.com\\\/#organization\"},\"alternateName\":\"Terraza & Confort - M\u00e1laga\",\"potentialAction\":[{\"@type\":\"SearchAction\",\"target\":{\"@type\":\"EntryPoint\",\"urlTemplate\":\"https:\\\/\\\/www.terrazaconfort.com\\\/?s={search_term_string}\"},\"query-input\":{\"@type\":\"PropertyValueSpecification\",\"valueRequired\":true,\"valueName\":\"search_term_string\"}}],\"inLanguage\":\"en-GB\"},{\"@type\":\"Organization\",\"@id\":\"https:\\\/\\\/www.terrazaconfort.com\\\/#organization\",\"name\":\"Terraza & Confort\",\"url\":\"https:\\\/\\\/www.terrazaconfort.com\\\/\",\"logo\":{\"@type\":\"ImageObject\",\"inLanguage\":\"en-GB\",\"@id\":\"https:\\\/\\\/www.terrazaconfort.com\\\/#\\\/schema\\\/logo\\\/image\\\/\",\"url\":\"https:\\\/\\\/www.terrazaconfort.com\\\/wp-content\\\/uploads\\\/2024\\\/12\\\/TERRAZA-Y-CONFORT.png\",\"contentUrl\":\"https:\\\/\\\/www.terrazaconfort.com\\\/wp-content\\\/uploads\\\/2024\\\/12\\\/TERRAZA-Y-CONFORT.png\",\"width\":1080,\"height\":1080,\"caption\":\"Terraza & Confort\"},\"image\":{\"@id\":\"https:\\\/\\\/www.terrazaconfort.com\\\/#\\\/schema\\\/logo\\\/image\\\/\"},\"sameAs\":[\"https:\\\/\\\/www.instagram.com\\\/terrazaconfort\\\/\"]}]}<\/script>\n<!-- \/ Yoast SEO Premium plugin. -->","yoast_head_json":{"title":"PREGUNTAS FRECUENTES - Terraza &amp; Confort","description":"PREGUNTAS FRECUENTES - Encuentra las respuestas a tus preguntas m\u00e1s frecuentes sobre dise\u00f1o, instalaci\u00f3n y mantenimiento de terrazas.","robots":{"index":"index","follow":"follow","max-snippet":"max-snippet:-1","max-image-preview":"max-image-preview:large","max-video-preview":"max-video-preview:-1"},"canonical":"https:\/\/www.terrazaconfort.com\/en\/contactenos\/preguntas-frecuentes\/","og_locale":"en_GB","og_type":"article","og_title":"Preguntas Frecuentes","og_description":"PREGUNTAS FRECUENTES - Encuentra las respuestas a tus preguntas m\u00e1s frecuentes sobre dise\u00f1o, instalaci\u00f3n y mantenimiento de terrazas.","og_url":"https:\/\/www.terrazaconfort.com\/en\/contactenos\/preguntas-frecuentes\/","og_site_name":"Terraza &amp; Confort","article_modified_time":"2025-03-29T11:51:38+00:00","og_image":[{"width":1080,"height":1080,"url":"https:\/\/www.terrazaconfort.com\/wp-content\/uploads\/2024\/12\/TERRAZA-Y-CONFORT.png","type":"image\/png"}],"twitter_card":"summary_large_image","twitter_misc":{"Estimated reading time":"3 minutes"},"schema":{"@context":"https:\/\/schema.org","@graph":[{"@type":"WebPage","@id":"https:\/\/www.terrazaconfort.com\/contactenos\/preguntas-frecuentes\/","url":"https:\/\/www.terrazaconfort.com\/contactenos\/preguntas-frecuentes\/","name":"PREGUNTAS FRECUENTES - Terraza &amp; Confort","isPartOf":{"@id":"https:\/\/www.terrazaconfort.com\/#website"},"primaryImageOfPage":{"@id":"https:\/\/www.terrazaconfort.com\/contactenos\/preguntas-frecuentes\/#primaryimage"},"image":{"@id":"https:\/\/www.terrazaconfort.com\/contactenos\/preguntas-frecuentes\/#primaryimage"},"thumbnailUrl":"https:\/\/www.terrazaconfort.com\/wp-content\/uploads\/2024\/12\/TERRAZA-Y-CONFORT.png","datePublished":"2024-11-21T15:26:20+00:00","dateModified":"2025-03-29T11:51:38+00:00","description":"PREGUNTAS FRECUENTES - Encuentra las respuestas a tus preguntas m\u00e1s frecuentes sobre dise\u00f1o, instalaci\u00f3n y mantenimiento de terrazas.","breadcrumb":{"@id":"https:\/\/www.terrazaconfort.com\/contactenos\/preguntas-frecuentes\/#breadcrumb"},"inLanguage":"en-GB","potentialAction":[{"@type":"ReadAction","target":["https:\/\/www.terrazaconfort.com\/contactenos\/preguntas-frecuentes\/"]}]},{"@type":"ImageObject","inLanguage":"en-GB","@id":"https:\/\/www.terrazaconfort.com\/contactenos\/preguntas-frecuentes\/#primaryimage","url":"https:\/\/www.terrazaconfort.com\/wp-content\/uploads\/2024\/12\/TERRAZA-Y-CONFORT.png","contentUrl":"https:\/\/www.terrazaconfort.com\/wp-content\/uploads\/2024\/12\/TERRAZA-Y-CONFORT.png","width":1080,"height":1080},{"@type":"BreadcrumbList","@id":"https:\/\/www.terrazaconfort.com\/contactenos\/preguntas-frecuentes\/#breadcrumb","itemListElement":[{"@type":"ListItem","position":1,"name":"Home","item":"https:\/\/www.terrazaconfort.com\/"},{"@type":"ListItem","position":2,"name":"Cont\u00e1ctenos","item":"https:\/\/www.terrazaconfort.com\/contactenos\/"},{"@type":"ListItem","position":3,"name":"Preguntas Frecuentes"}]},{"@type":"WebSite","@id":"https:\/\/www.terrazaconfort.com\/#website","url":"https:\/\/www.terrazaconfort.com\/","name":"Terraza & Confort - Terrazas Que Inspiran Momentos Unicos","description":"Terrazas Que Inspiran Momentos Unicos","publisher":{"@id":"https:\/\/www.terrazaconfort.com\/#organization"},"alternateName":"Terraza & Confort - M\u00e1laga","potentialAction":[{"@type":"SearchAction","target":{"@type":"EntryPoint","urlTemplate":"https:\/\/www.terrazaconfort.com\/?s={search_term_string}"},"query-input":{"@type":"PropertyValueSpecification","valueRequired":true,"valueName":"search_term_string"}}],"inLanguage":"en-GB"},{"@type":"Organization","@id":"https:\/\/www.terrazaconfort.com\/#organization","name":"Terraza & Confort","url":"https:\/\/www.terrazaconfort.com\/","logo":{"@type":"ImageObject","inLanguage":"en-GB","@id":"https:\/\/www.terrazaconfort.com\/#\/schema\/logo\/image\/","url":"https:\/\/www.terrazaconfort.com\/wp-content\/uploads\/2024\/12\/TERRAZA-Y-CONFORT.png","contentUrl":"https:\/\/www.terrazaconfort.com\/wp-content\/uploads\/2024\/12\/TERRAZA-Y-CONFORT.png","width":1080,"height":1080,"caption":"Terraza & Confort"},"image":{"@id":"https:\/\/www.terrazaconfort.com\/#\/schema\/logo\/image\/"},"sameAs":["https:\/\/www.instagram.com\/terrazaconfort\/"]}]}},"_links":{"self":[{"href":"https:\/\/www.terrazaconfort.com\/en\/wp-json\/wp\/v2\/pages\/263","targetHints":{"allow":["GET"]}}],"collection":[{"href":"https:\/\/www.terrazaconfort.com\/en\/wp-json\/wp\/v2\/pages"}],"about":[{"href":"https:\/\/www.terrazaconfort.com\/en\/wp-json\/wp\/v2\/types\/page"}],"author":[{"embeddable":true,"href":"https:\/\/www.terrazaconfort.com\/en\/wp-json\/wp\/v2\/users\/1"}],"replies":[{"embeddable":true,"href":"https:\/\/www.terrazaconfort.com\/en\/wp-json\/wp\/v2\/comments?post=263"}],"version-history":[{"count":11,"href":"https:\/\/www.terrazaconfort.com\/en\/wp-json\/wp\/v2\/pages\/263\/revisions"}],"predecessor-version":[{"id":783,"href":"https:\/\/www.terrazaconfort.com\/en\/wp-json\/wp\/v2\/pages\/263\/revisions\/783"}],"up":[{"embeddable":true,"href":"https:\/\/www.terrazaconfort.com\/en\/wp-json\/wp\/v2\/pages\/55"}],"wp:featuredmedia":[{"embeddable":true,"href":"https:\/\/www.terrazaconfort.com\/en\/wp-json\/wp\/v2\/media\/652"}],"wp:attachment":[{"href":"https:\/\/www.terrazaconfort.com\/en\/wp-json\/wp\/v2\/media?parent=263"}],"curies":[{"name":"wp","href":"https:\/\/api.w.org\/{rel}","templated":true}]}}